{"id":1450,"date":"2021-10-16T15:24:59","date_gmt":"2021-10-16T15:24:59","guid":{"rendered":"https:\/\/qdos.cat\/avis-legal\/"},"modified":"2023-03-28T14:54:15","modified_gmt":"2023-03-28T14:54:15","slug":"avis-legal","status":"publish","type":"page","link":"https:\/\/qdos.cat\/ca\/avis-legal\/","title":{"rendered":"Av\u00eds legal"},"content":{"rendered":"\t\t<div data-elementor-type=\"wp-page\" data-elementor-id=\"1450\" class=\"elementor elementor-1450 elementor-57\" data-elementor-post-type=\"page\">\n\t\t\t\t\t\t<section class=\"elementor-section elementor-top-section elementor-element elementor-element-83c3299 elementor-section-boxed elementor-section-height-default elementor-section-height-default\" data-id=\"83c3299\" data-element_type=\"section\" data-e-type=\"section\">\n\t\t\t\t\t\t<div class=\"elementor-container elementor-column-gap-default\">\n\t\t\t\t\t<div class=\"elementor-column elementor-col-100 elementor-top-column elementor-element elementor-element-08780a7\" data-id=\"08780a7\" data-element_type=\"column\" data-e-type=\"column\">\n\t\t\t<div class=\"elementor-widget-wrap elementor-element-populated\">\n\t\t\t\t\t\t<div class=\"elementor-element elementor-element-0a23144 elementor-widget elementor-widget-heading\" data-id=\"0a23144\" data-element_type=\"widget\" data-e-type=\"widget\" data-widget_type=\"heading.default\">\n\t\t\t\t<div class=\"elementor-widget-container\">\n\t\t\t\t\t<h2 class=\"elementor-heading-title elementor-size-default\">AV\u00cdS LEGAL<\/h2>\t\t\t\t<\/div>\n\t\t\t\t<\/div>\n\t\t\t\t<div class=\"elementor-element elementor-element-f2b704f elementor-widget elementor-widget-text-editor\" data-id=\"f2b704f\" data-element_type=\"widget\" data-e-type=\"widget\" data-widget_type=\"text-editor.default\">\n\t\t\t\t<div class=\"elementor-widget-container\">\n\t\t\t\t\t\t\t\t\t<p>Aquest Av\u00eds Legal t\u00e9 l&#8217;objectiu d&#8217;informar-vos dels vostres drets i obligacions com a usuari d&#8217;aquest lloc web. Aqu\u00ed trobareu tota la informaci\u00f3 que necessiteu sobre aquest lloc web, la vostra activitat, les dades personals que recapte i la seva finalitat, aix\u00ed com les normes d&#8217;\u00fas que regulen l&#8217;\u00fas d&#8217;aquest web.<\/p>\n<p>En el moment en qu\u00e8 accedeixis a aquest lloc web <strong><\/strong><b>,<\/b> assumeixes la condici\u00f3 d&#8217;usuari, per aix\u00f2 el contingut d&#8217;aquest Av\u00eds Legal t&#8217;afecta directament. Per aix\u00f2, \u00e9s important que el llegeixis per dissipar qualsevol dubte que puguis tenir i tenir coneixement de causa sobre les condicions que est\u00e0s acceptant.<\/p>\n<p>Per comen\u00e7ar, heu de saber que aquest lloc web compleix les normatives vigents en mat\u00e8ria de protecci\u00f3 de dades, amb l&#8217;objectiu d&#8217;aportar-vos les garanties, la seguretat i la transpar\u00e8ncia que, com a usuari et corresponen, a l&#8217;hora d&#8217;utilitzar aquest web.<\/p>\n<p>El <b>RGPD <\/b>(<b>Reglament (UE) 2016\/679 del Parlament Europeu i del Consell de 27 d&#8217;abril del 2016 relatiu a la protecci\u00f3 de les persones f\u00edsiques<\/b>) que \u00e9s la nova normativa de la Uni\u00f3 Europea que unifica la regulaci\u00f3 del tractament de les dades personals als diferents pa\u00efsos de la UE.<\/p>\n<p>La <b>LOPDGDD<\/b>  (<b>Llei org\u00e0nica 3\/2018, de 3 de desembre, de protecci\u00f3 de dades personals<\/b> i <b>Reial Decret 1720\/2007, de 21 de desembre, el Reglament de desenvolupament de la LOPD<\/b>) que regula el tractament de les dades personals i les obligacions que hem d&#8217;assumir els responsables d&#8217;una web o bloc a l&#8217;hora de gestionar aquesta informaci\u00f3.<\/p>\n<p>La <b>LSSI<\/b> (<b>Ley 34\/2002, de 11 de julio, de Servicios de la Sociedad de la Informaci\u00f3n y Comercio Electr\u00f3nico<\/b>) que regula les transaccions econ\u00f2miques mitjan\u00e7ant mitjans electr\u00f2nics, com \u00e9s el cas d&#8217;aquest bloc.<\/p>\n<p><b>DADES D&#8217;IDENTIFICACI\u00d3<\/b><\/p>\n<p>El responsable i titular d&#8217;aquest lloc web \u00e9s <strong><\/strong><\/p>\n<ul>\n<li><b>Nom:<\/b> <\/li>\n<li><b>NIF:<\/b> <\/li>\n<li><b>Domicili Social:<\/b> <\/li>\n<li><b>Activitat del lloc web<\/b>: distribuci\u00f3 de contingut relacionat amb <strong>.<\/strong><\/li>\n<li><b>Correu electr\u00f2nic<\/b>: <\/li>\n<\/ul>\n<p>Les dades que ens facilitis amb el teu consentiment, i d&#8217;acord amb l&#8217;\u00fas establert a la nostra Pol\u00edtica de Privadesa, seran incorporades a un fitxer automatitzat, en qu\u00e8 el responsable d&#8217;aquest fitxer \u00e9s: <strong><\/strong><b> <\/b>Aix\u00f2 vol dir que les vostres dades estan segures, d&#8217;acord amb el que estableix la llei.<\/p>\n<p><b>NORMES D&#8217;ACC\u00c9S AL LLOC WEB<\/b><\/p>\n<p>Com a usuari de la nostra web, tamb\u00e9 teniu una s\u00e8rie d&#8217;obligacions:<\/p>\n<p>No podr\u00e0s utilitzar aquest lloc web per realitzar activitats contr\u00e0ries a les lleis, a la moral, a l&#8217;ordre p\u00fablic i, en general, a fer-ne un \u00fas d&#8217;acord amb les condicions establertes en aquest Av\u00eds Legal.<\/p>\n<p>No podr\u00e0s fer activitats publicit\u00e0ries o d&#8217;explotaci\u00f3 comercial remetent missatges que utilitzin una identitat falsa.<\/p>\n<p>Tu ser\u00e0s l&#8217;\u00fanic responsable de la veracitat i exactitud dels continguts que introdueixis en aquesta web i de les dades personals que ens facilitis amb les finalitats previstes a la nostra Pol\u00edtica de Privacitat.<\/p>\n<p>Tamb\u00e9 ser\u00e0s l&#8217;\u00fanic responsable de la realitzaci\u00f3 de qualsevol tipus d&#8217;actuaci\u00f3 il\u00b7l\u00edcita, lesiva de drets, nociva i\/o perjudicial als llocs de tercers a qu\u00e8 et puguem derivar des d&#8217;aquest lloc web per al desenvolupament de la nostra activitat.<\/p>\n<p>Com a responsable del lloc web, <strong><\/strong> podr\u00e0 interrompre el servei de la p\u00e0gina que estigui sent utilitzat per l&#8217;usuari i resoldre de manera immediata la relaci\u00f3 si detecta un \u00fas de la web o de qualsevol dels serveis que s&#8217;hi ofereixen que es pugui considerar contrari al que s&#8217;expressa en el present Av\u00eds Legal.<\/p>\n<p><b>PROPIETAT INTEL\u00b7LECTUAL I INDUSTRIAL<\/b><\/p>\n<p>La totalitat d&#8217;aquest lloc web (text, imatges, marques, gr\u00e0fics, logotips, botons, arxius de programari, combinacions de colors, aix\u00ed com l&#8217;estructura, la selecci\u00f3, l&#8217;ordenaci\u00f3 i la presentaci\u00f3 dels seus continguts) es troba protegida per les lleis vigents sobre propietat Intel\u00b7lectual i Industrial, i en queda prohibida la reproducci\u00f3, distribuci\u00f3, comunicaci\u00f3 p\u00fablica i transformaci\u00f3, excepte per a \u00fas personal i privat.<\/p>\n<p>Com a titular d&#8217;aquest lloc web,<b> <strong><\/strong> <\/b>no garanteix que els continguts siguin necessaris o lliures derror o que el lliure \u00fas dels mateixos per part dels usuaris no infringeixi els drets de terceres parts. El bon \u00fas o mal d&#8217;aquesta p\u00e0gina i dels seus continguts \u00e9s responsabilitat de l&#8217;usuari.<\/p>\n<p>Aix\u00ed mateix, queda prohibida la reproducci\u00f3, retransmissi\u00f3, c\u00f2pia, cessi\u00f3 o redifusi\u00f3, total o parcial, de la informaci\u00f3 continguda a la p\u00e0gina, sigui quina sigui la seva finalitat i el mitj\u00e0 utilitzat per a aix\u00f2, sense autoritzaci\u00f3 pr\u00e8via de <strong><\/strong><\/p>\n<p><b>ENLLA\u00c7OS O LINKS<\/b><\/p>\n<p>Aquest lloc web inclou enlla\u00e7os o enlla\u00e7os a llocs de tercers. Les p\u00e0gines pertanyents a aquests tercers no han estat revisades ni s\u00f3n objecte de controls per part nostra, per la qual cosa <strong><\/strong> no podr\u00e0 ser considerat responsable dels continguts d&#8217;aquests llocs web, ni de les mesures que s&#8217;adoptin relatives a la seva privadesa o al tractament de les seves dades de car\u00e0cter personal o altres que es puguin derivar.<\/p>\n<p>Per tot aix\u00f2, us recomanem la lectura detinguda de les condicions d&#8217;\u00fas, pol\u00edtica de privadesa, avisos legals i\/o similars d&#8217;aquests llocs.<\/p>\n<p><b>ENLLA\u00c7OS D&#8217;AFILIACI\u00d3 D&#8217;AMAZON<\/b><\/p>\n<p>Aquest lloc web, segons la vostra finalitat, utilitza enlla\u00e7os d&#8217;afiliat d&#8217;Amazon.<\/p>\n<p>Aix\u00f2 vol dir que trobar\u00e0s enlla\u00e7os de productes d&#8217;Amazon als quals podr\u00e0s accedir directament des del nostre lloc web per\u00f2 que, si escau, la compra la realitzar\u00e0s a Amazon, sota les seves pr\u00f2pies condicions en aquell moment.<\/p>\n<p><b>LIMITACI\u00d3 DE RESPONSABILITAT<\/b><\/p>\n<p>En exercici del vostre dret com a titular d&#8217;aquesta web, us informem que <strong><\/strong><b> <\/b>no es fa responsable en cap cas del seg\u00fcent:<\/p>\n<p>La qualitat del servei, la velocitat dacc\u00e9s, el funcionament correcte ni la disponibilitat ni continu\u00eftat de funcionament de la p\u00e0gina.<\/p>\n<p>L&#8217;exist\u00e8ncia de virus, programari malici\u00f3s, programes maliciosos o nocius en els continguts.<\/p>\n<p>L&#8217;\u00fas il\u00b7l\u00edcit, negligent, fraudulent o contrari a aquest Av\u00eds Legal.<\/p>\n<p>La manca de licitud, qualitat, fiabilitat, utilitat i disponibilitat dels serveis prestats per tercers i posats a disposici\u00f3 dels usuaris en aquest lloc web.<\/p>\n<p>Dels danys que poguessin provenir de l\u00fas il\u00b7legal o indegut daquest bloc.<\/p>\n<p><b>POL\u00cdTICA DE PRIVACITAT I PROTECCI\u00d3 DE DADES<\/b><\/p>\n<p>Aquest lloc web compleix amb la normativa vigent en mat\u00e8ria de protecci\u00f3 de dades, cosa que implica que, com a usuari, haur\u00e0s de donar el teu consentiment expr\u00e9s abans de facilitar-nos dades personals a trav\u00e9s dels diferents formularis posats a disposici\u00f3 a les seccions de la nostra p\u00e0gina.<\/p>\n<p>Per aix\u00f2, en nom de la transpar\u00e8ncia i l&#8217;exercici del teu dret, el nostre deure \u00e9s informar-te sobre les dades personals que demanem, emmagatzemem i tractem i amb quines finalitats, tenint en qualsevol moment la possibilitat de revocar lliurement el teu consentiment.<\/p>\n<p>Tota aquesta informaci\u00f3 la podr\u00e0s trobar a la nostra <b>POLITICA DE PRIVACITAT.<\/b><\/p>\n<p><b>POL\u00cdTICA DE COOKIES<\/b><\/p>\n<p>Tal com us informem nom\u00e9s accedir a la nostra web, aquest lloc utilitza cookies pr\u00f2pies i de tercers amb l&#8217;objectiu de proporcionar-vos la millor experi\u00e8ncia d&#8217;usuari i desenvolupar la nostra activitat.<\/p>\n<p>En qualsevol moment, tindreu l&#8217;opci\u00f3 de configurar el vostre navegador per desestimar l&#8217;\u00fas d&#8217;aquestes galetes que, en algun cas, afectaran la vostra experi\u00e8ncia d&#8217;usuari.<\/p>\n<p>Per accedir a la informaci\u00f3 completa sobre l&#8217;\u00fas de cookies en aquest lloc web, la seva finalitat i desestimaci\u00f3, pots consultar la nostra <b>POL\u00cdTICA DE COOKIES<\/b>.<\/p>\n<p><b>LEGISLACI\u00d3 APLICABLE I JURISDICCI\u00d3 COMPETENT<\/b><\/p>\n<p>Aquest Av\u00eds Legal est\u00e0 sotm\u00e8s a la legislaci\u00f3 espanyola vigent.<\/p>\n<p>En cas necessari, davant de qualsevol tipus de controv\u00e8rsia de car\u00e0cter legal, <strong><\/strong> i l&#8217;usuari, amb ren\u00fancia expressa a qualsevol altre fur, se sotmetran als jutjats i tribunals del domicili de l&#8217;usuari per a qualsevol controv\u00e8rsia que se&#8217;n pogu\u00e9s derivar.<\/p>\n<p>En cas que l&#8217;usuari tingui el domicili fora d&#8217;Espanya, <strong><\/strong><b> <\/b>i l&#8217;usuari se sotmetran, amb ren\u00fancia expressa a qualsevol altre fur, als jutjats i tribunals de Barcelona (Espanya).<\/p>\n<p>Si tens qualsevol dubte sobre aquest Av\u00eds Legal, pots enviar-nos un correu electr\u00f2nic a <strong><\/strong>.<\/p>\n\t\t\t\t\t\t\t\t<\/div>\n\t\t\t\t<\/div>\n\t\t\t\t\t<\/div>\n\t\t<\/div>\n\t\t\t\t\t<\/div>\n\t\t<\/section>\n\t\t\t\t<\/div>\n\t\t","protected":false},"excerpt":{"rendered":"<p>AV\u00cdS LEGAL Aquest Av\u00eds Legal t\u00e9 l&#8217;objectiu d&#8217;informar-vos dels vostres drets i obligacions com a usuari d&#8217;aquest lloc web. Aqu\u00ed trobareu tota la informaci\u00f3 que necessiteu sobre aquest lloc web, la vostra activitat, les dades personals que recapte i la seva finalitat, aix\u00ed com les normes d&#8217;\u00fas que regulen l&#8217;\u00fas d&#8217;aquest web. En el moment [&hellip;]<\/p>\n","protected":false},"author":2,"featured_media":0,"parent":0,"menu_order":0,"comment_status":"closed","ping_status":"closed","template":"elementor_header_footer","meta":{"_acf_changed":false,"footnotes":""},"class_list":["post-1450","page","type-page","status-publish","hentry"],"acf":[],"yoast_head":"<!-- This site is optimized with the Yoast SEO plugin v27.5 - https:\/\/yoast.com\/product\/yoast-seo-wordpress\/ -->\n<title>Av\u00eds legal - Qdos<\/title>\n<meta name=\"robots\" content=\"index, follow, max-snippet:-1, max-image-preview:large, max-video-preview:-1\" \/>\n<link rel=\"canonical\" href=\"https:\/\/qdos.cat\/ca\/avis-legal\/\" \/>\n<meta property=\"og:locale\" content=\"ca_ES\" \/>\n<meta property=\"og:type\" content=\"article\" \/>\n<meta property=\"og:title\" content=\"Av\u00eds legal - Qdos\" \/>\n<meta property=\"og:description\" content=\"AV\u00cdS LEGAL Aquest Av\u00eds Legal t\u00e9 l&#8217;objectiu d&#8217;informar-vos dels vostres drets i obligacions com a usuari d&#8217;aquest lloc web. Aqu\u00ed trobareu tota la informaci\u00f3 que necessiteu sobre aquest lloc web, la vostra activitat, les dades personals que recapte i la seva finalitat, aix\u00ed com les normes d&#8217;\u00fas que regulen l&#8217;\u00fas d&#8217;aquest web. En el moment [&hellip;]\" \/>\n<meta property=\"og:url\" content=\"https:\/\/qdos.cat\/ca\/avis-legal\/\" \/>\n<meta property=\"og:site_name\" content=\"Qdos\" \/>\n<meta property=\"article:modified_time\" content=\"2023-03-28T14:54:15+00:00\" \/>\n<meta name=\"twitter:card\" content=\"summary_large_image\" \/>\n<meta name=\"twitter:label1\" content=\"Temps estimat de lectura\" \/>\n\t<meta name=\"twitter:data1\" content=\"7 minuts\" \/>\n<script type=\"application\/ld+json\" class=\"yoast-schema-graph\">{\"@context\":\"https:\\\/\\\/schema.org\",\"@graph\":[{\"@type\":\"WebPage\",\"@id\":\"https:\\\/\\\/qdos.cat\\\/ca\\\/avis-legal\\\/\",\"url\":\"https:\\\/\\\/qdos.cat\\\/ca\\\/avis-legal\\\/\",\"name\":\"Av\u00eds legal - Qdos\",\"isPartOf\":{\"@id\":\"https:\\\/\\\/qdos.cat\\\/#website\"},\"datePublished\":\"2021-10-16T15:24:59+00:00\",\"dateModified\":\"2023-03-28T14:54:15+00:00\",\"breadcrumb\":{\"@id\":\"https:\\\/\\\/qdos.cat\\\/ca\\\/avis-legal\\\/#breadcrumb\"},\"inLanguage\":\"ca\",\"potentialAction\":[{\"@type\":\"ReadAction\",\"target\":[\"https:\\\/\\\/qdos.cat\\\/ca\\\/avis-legal\\\/\"]}]},{\"@type\":\"BreadcrumbList\",\"@id\":\"https:\\\/\\\/qdos.cat\\\/ca\\\/avis-legal\\\/#breadcrumb\",\"itemListElement\":[{\"@type\":\"ListItem\",\"position\":1,\"name\":\"Portada\",\"item\":\"https:\\\/\\\/qdos.cat\\\/ca\\\/qdos\\\/\"},{\"@type\":\"ListItem\",\"position\":2,\"name\":\"Av\u00eds legal\"}]},{\"@type\":\"WebSite\",\"@id\":\"https:\\\/\\\/qdos.cat\\\/#website\",\"url\":\"https:\\\/\\\/qdos.cat\\\/\",\"name\":\"Qdos\",\"description\":\"Equip expert en reformes i interiorisme\",\"publisher\":{\"@id\":\"https:\\\/\\\/qdos.cat\\\/#organization\"},\"potentialAction\":[{\"@type\":\"SearchAction\",\"target\":{\"@type\":\"EntryPoint\",\"urlTemplate\":\"https:\\\/\\\/qdos.cat\\\/?s={search_term_string}\"},\"query-input\":{\"@type\":\"PropertyValueSpecification\",\"valueRequired\":true,\"valueName\":\"search_term_string\"}}],\"inLanguage\":\"ca\"},{\"@type\":\"Organization\",\"@id\":\"https:\\\/\\\/qdos.cat\\\/#organization\",\"name\":\"Qdos\",\"url\":\"https:\\\/\\\/qdos.cat\\\/\",\"logo\":{\"@type\":\"ImageObject\",\"inLanguage\":\"ca\",\"@id\":\"https:\\\/\\\/qdos.cat\\\/#\\\/schema\\\/logo\\\/image\\\/\",\"url\":\"\",\"contentUrl\":\"\",\"caption\":\"Qdos\"},\"image\":{\"@id\":\"https:\\\/\\\/qdos.cat\\\/#\\\/schema\\\/logo\\\/image\\\/\"}}]}<\/script>\n<!-- \/ Yoast SEO plugin. -->","yoast_head_json":{"title":"Av\u00eds legal - Qdos","robots":{"index":"index","follow":"follow","max-snippet":"max-snippet:-1","max-image-preview":"max-image-preview:large","max-video-preview":"max-video-preview:-1"},"canonical":"https:\/\/qdos.cat\/ca\/avis-legal\/","og_locale":"ca_ES","og_type":"article","og_title":"Av\u00eds legal - Qdos","og_description":"AV\u00cdS LEGAL Aquest Av\u00eds Legal t\u00e9 l&#8217;objectiu d&#8217;informar-vos dels vostres drets i obligacions com a usuari d&#8217;aquest lloc web. Aqu\u00ed trobareu tota la informaci\u00f3 que necessiteu sobre aquest lloc web, la vostra activitat, les dades personals que recapte i la seva finalitat, aix\u00ed com les normes d&#8217;\u00fas que regulen l&#8217;\u00fas d&#8217;aquest web. En el moment [&hellip;]","og_url":"https:\/\/qdos.cat\/ca\/avis-legal\/","og_site_name":"Qdos","article_modified_time":"2023-03-28T14:54:15+00:00","twitter_card":"summary_large_image","twitter_misc":{"Temps estimat de lectura":"7 minuts"},"schema":{"@context":"https:\/\/schema.org","@graph":[{"@type":"WebPage","@id":"https:\/\/qdos.cat\/ca\/avis-legal\/","url":"https:\/\/qdos.cat\/ca\/avis-legal\/","name":"Av\u00eds legal - Qdos","isPartOf":{"@id":"https:\/\/qdos.cat\/#website"},"datePublished":"2021-10-16T15:24:59+00:00","dateModified":"2023-03-28T14:54:15+00:00","breadcrumb":{"@id":"https:\/\/qdos.cat\/ca\/avis-legal\/#breadcrumb"},"inLanguage":"ca","potentialAction":[{"@type":"ReadAction","target":["https:\/\/qdos.cat\/ca\/avis-legal\/"]}]},{"@type":"BreadcrumbList","@id":"https:\/\/qdos.cat\/ca\/avis-legal\/#breadcrumb","itemListElement":[{"@type":"ListItem","position":1,"name":"Portada","item":"https:\/\/qdos.cat\/ca\/qdos\/"},{"@type":"ListItem","position":2,"name":"Av\u00eds legal"}]},{"@type":"WebSite","@id":"https:\/\/qdos.cat\/#website","url":"https:\/\/qdos.cat\/","name":"Qdos","description":"Equip expert en reformes i interiorisme","publisher":{"@id":"https:\/\/qdos.cat\/#organization"},"potentialAction":[{"@type":"SearchAction","target":{"@type":"EntryPoint","urlTemplate":"https:\/\/qdos.cat\/?s={search_term_string}"},"query-input":{"@type":"PropertyValueSpecification","valueRequired":true,"valueName":"search_term_string"}}],"inLanguage":"ca"},{"@type":"Organization","@id":"https:\/\/qdos.cat\/#organization","name":"Qdos","url":"https:\/\/qdos.cat\/","logo":{"@type":"ImageObject","inLanguage":"ca","@id":"https:\/\/qdos.cat\/#\/schema\/logo\/image\/","url":"","contentUrl":"","caption":"Qdos"},"image":{"@id":"https:\/\/qdos.cat\/#\/schema\/logo\/image\/"}}]}},"_links":{"self":[{"href":"https:\/\/qdos.cat\/ca\/wp-json\/wp\/v2\/pages\/1450","targetHints":{"allow":["GET"]}}],"collection":[{"href":"https:\/\/qdos.cat\/ca\/wp-json\/wp\/v2\/pages"}],"about":[{"href":"https:\/\/qdos.cat\/ca\/wp-json\/wp\/v2\/types\/page"}],"author":[{"embeddable":true,"href":"https:\/\/qdos.cat\/ca\/wp-json\/wp\/v2\/users\/2"}],"replies":[{"embeddable":true,"href":"https:\/\/qdos.cat\/ca\/wp-json\/wp\/v2\/comments?post=1450"}],"version-history":[{"count":0,"href":"https:\/\/qdos.cat\/ca\/wp-json\/wp\/v2\/pages\/1450\/revisions"}],"wp:attachment":[{"href":"https:\/\/qdos.cat\/ca\/wp-json\/wp\/v2\/media?parent=1450"}],"curies":[{"name":"wp","href":"https:\/\/api.w.org\/{rel}","templated":true}]}}